{"id":3186,"date":"2023-10-10T10:35:32","date_gmt":"2023-10-10T09:35:32","guid":{"rendered":"https:\/\/www.sieber.ch\/go-green\/"},"modified":"2026-02-17T09:33:26","modified_gmt":"2026-02-17T09:33:26","slug":"gogreen","status":"publish","type":"page","link":"https:\/\/www.sieber.ch\/fr\/gogreen\/","title":{"rendered":"Go Green"},"content":{"rendered":"<div class=\"n2_clear\"><ss3-force-full-width data-overflow-x=\"body\" data-horizontal-selector=\"body\"><div class=\"n2-section-smartslider fitvidsignore  n2_clear\" data-ssid=\"48\"><div id=\"n2-ss-48-align\" class=\"n2-ss-align\"><div class=\"n2-padding\"><div id=\"n2-ss-48\" data-creator=\"Smart Slider 3\" data-responsive=\"fullwidth\" class=\"n2-ss-slider n2-ow n2-has-hover n2notransition  \">\n        <div class=\"n2-ss-slider-1 n2_ss__touch_element n2-ow\">\n            <div class=\"n2-ss-slider-2 n2-ow\">\n                                                <div class=\"n2-ss-slider-3 n2-ow\">\n\n                    <div class=\"n2-ss-slide-backgrounds n2-ow-all\"><div class=\"n2-ss-slide-background\" data-public-id=\"1\" data-mode=\"fill\"><div class=\"n2-ss-slide-background-image\" data-blur=\"0\" data-opacity=\"100\" data-x=\"35\" data-y=\"46\" data-alt=\"Woman with glasses in front of a group of people\" data-title=\"\" style=\"--ss-o-pos-x:35%;--ss-o-pos-y:46%\"><picture class=\"skip-lazy\" data-skip-lazy=\"1\"><img decoding=\"async\" src=\"\/\/www.sieber.ch\/wp-content\/uploads\/2023\/12\/SIEBER_TRANS_IMAGE_KALENDER_3501_NEU_2023_RGB_INTERNET-scaled.webp\" alt=\"Woman with glasses in front of a group of people\" title=\"\" loading=\"lazy\" class=\"skip-lazy\" data-skip-lazy=\"1\"><\/picture><\/div><div data-color=\"RGBA(0,0,0,0.29)\" style=\"background-color: RGBA(0,0,0,0.29);\" class=\"n2-ss-slide-background-color\" data-overlay=\"1\"><\/div><\/div><\/div>                    <div class=\"n2-ss-slider-4 n2-ow\">\n                        <svg xmlns=\"http:\/\/www.w3.org\/2000\/svg\" viewBox=\"0 0 1200 650\" data-related-device=\"desktopPortrait\" class=\"n2-ow n2-ss-preserve-size n2-ss-preserve-size--slider n2-ss-slide-limiter\"><\/svg><div data-first=\"1\" data-slide-duration=\"0\" data-id=\"52\" data-slide-public-id=\"1\" data-title=\"homepage-1\" class=\"n2-ss-slide n2-ow  n2-ss-slide-52\"><div role=\"note\" class=\"n2-ss-slide--focus\" tabindex=\"-1\">homepage-1<\/div><div class=\"n2-ss-layers-container n2-ss-slide-limiter n2-ow\"><div class=\"n2-ss-layer n2-ow n-uc-Oif29SeY7JOf\" data-sstype=\"slide\" data-pm=\"default\"><div class=\"n2-ss-layer n2-ow n-uc-2QEWJHd2D0ke\" data-pm=\"default\" data-sstype=\"content\" data-hasbackground=\"0\"><div class=\"n2-ss-section-main-content n2-ss-layer-with-background n2-ss-layer-content n2-ow n-uc-2QEWJHd2D0ke-inner\"><div class=\"n2-ss-layer n2-ow n-uc-eyk0JDYErIPJ\" data-pm=\"normal\" data-sstype=\"layer\"><div id=\"n2-ss-48item1\" class=\"n2-font-c89cb7741c8c0dbf588e01cf7145c106-hover   n2-ss-item-content n2-ss-text n2-ow\" style=\"display:block;\">GOgreen &#8211; Une logistique durable <br>Logistique avec efficacit\u00e9.<\/div><\/div><div class=\"n2-ss-layer n2-ow n-uc-WNX2sCgNR4CC\" data-pm=\"normal\" data-sstype=\"layer\"><div id=\"n2-ss-48item2\" class=\"n2-font-7653a5934450b4fa5c2de3cd66c8e6a4-hover   n2-ss-item-content n2-ss-text n2-ow\" style=\"display:block;\">Contactez-nous<\/div><\/div><div class=\"n2-ss-layer n2-ow n-uc-qh4eeIXcFpaG n2-ss-layer--auto\" data-pm=\"normal\" data-sstype=\"layer\"><div class=\"n2-ss-button-container n2-ss-item-content n2-ow n2-font-f77f613c0f9cbcd3de6053c35fb5654b-link  n2-ss-nowrap n2-ss-button-container--non-full-width\"><a class=\"n2-style-12c201f6570bb869f8c7f55949a61863-heading  n2-ow \" href=\"#ggcontact\"><div><div>CONTACT<\/div><\/div><\/a><\/div><\/div><\/div><\/div><\/div><\/div><\/div>                    <\/div>\n\n                                    <\/div>\n            <\/div>\n        <\/div>\n        <\/div><ss3-loader><\/ss3-loader><\/div><\/div><div class=\"n2_clear\"><\/div><\/div><\/ss3-force-full-width><\/div>\n\n\n<div class=\"wp-block-columns intro fullWidth bgWhite justify-content-center is-layout-flex wp-container-core-columns-is-layout-9d6595d7 wp-block-columns-is-layout-flex\">\n<div class=\"wp-block-column container is-layout-flow wp-block-column-is-layout-flow\">\n<p class=\"has-text-align-left has-large-font-size\">Soulager l\u2019environnement tout en assurant une gestion durable des marchandises:gr\u00e2ce \u00e0 <strong>GOgreen<\/strong>, nous r\u00e9duisons d\u00e9j\u00e0 consid\u00e9rablement les \u00e9missions et \u00e9conomisons ainsi de pr\u00e9cieuses ressources.<\/p>\n\n\n\n<p class=\"has-text-align-left has-medium-font-size\">En notre qualit\u00e9 de partenaire logistique international, nous avons pour ambition <strong>D\u2019am\u00e9liorer de notre empreinte carbone de fa\u00e7on continue<\/strong> et d\u2019atteindre l\u2019objectif z\u00e9ro net en 2050.GOgreen nous a permis de poser les premiers jalons avec succ\u00e8s il y a de nombreuses ann\u00e9es d\u00e9j\u00e0.<\/p>\n<\/div>\n<\/div>\n\n\n\n<div class=\"wp-block-columns intro fullWidth bgGrey justify-content-center is-layout-flex wp-container-core-columns-is-layout-9d6595d7 wp-block-columns-is-layout-flex\">\n<div class=\"wp-block-column container is-layout-flow wp-block-column-is-layout-flow\">\n<div class=\"wp-block-columns is-layout-flex wp-container-core-columns-is-layout-9d6595d7 wp-block-columns-is-layout-flex\">\n<div class=\"wp-block-column is-layout-flow wp-block-column-is-layout-flow\">\n<h2 class=\"wp-block-heading\">Logistique verte et Sieber!<\/h2>\n\n\n\n<p class=\"has-medium-font-size\">Nous sommes convaincus qu\u2019il est possible de faire du commerce de marchandises \u00e0 travers le monde de mani\u00e8re durable. Pour ce faire, nous misons sur <strong>des technologies respectueuses de l\u2019environnement<\/strong> et <strong>des id\u00e9es<\/strong> <strong>intelligentes<\/strong>. <\/p>\n\n\n\n<p class=\"has-medium-font-size\">Du transport ferroviaire de nuit \u00e0 l\u2019extension continue de notre flotte \u00e9lectrique,des solutions novatrices telles que nos syst\u00e8mes de t\u00e9l\u00e9matique et de gestion des transports permettent d\u2019ores et d\u00e9j\u00e0 <strong>de r\u00e9duire consid\u00e9rablement les \u00e9missions<\/strong>.<\/p>\n<\/div>\n\n\n\n<div class=\"wp-block-column is-layout-flow wp-block-column-is-layout-flow\">\n<div style=\"height:100px\" aria-hidden=\"true\" class=\"wp-block-spacer\"><\/div>\n\n\n<div class=\"wp-block-image\">\n<figure class=\"aligncenter is-resized\"><img decoding=\"async\" src=\"https:\/\/www.sieber.ch\/wp-content\/uploads\/2023\/12\/RZ_Sieber_GOgreen-1024x284.png\" alt=\"\" style=\"width:392px\" loading=\"lazy\" \/><\/figure>\n<\/div><\/div>\n<\/div>\n<\/div>\n<\/div>\n\n\n\n<div class=\"wp-block-columns services fullWidth bgWhite justify-content-center is-layout-flex wp-container-core-columns-is-layout-9d6595d7 wp-block-columns-is-layout-flex\">\n<div class=\"wp-block-column container is-layout-flow wp-block-column-is-layout-flow\">\n<div class=\"wp-block-columns is-layout-flex wp-container-core-columns-is-layout-9d6595d7 wp-block-columns-is-layout-flex\">\n<div class=\"wp-block-column is-vertically-aligned-center is-layout-flow wp-block-column-is-layout-flow\">\n<h2 class=\"wp-block-heading\">Gestion de l\u2019environnement GOgreen<\/h2>\n\n\n\n<p class=\"has-medium-font-size\">Les ressources fossiles sont limit\u00e9es. C\u2019est pourquoi des solutions intelligentes sont n\u00e9cessaires:avec la <strong>gestion environnementale GOgreen<\/strong>, nous souhaitons \u00eatre des pr\u00e9curseurs ainsi que des moteurs dans le domaine de la durabilit\u00e9.<\/p>\n\n\n\n<p class=\"has-medium-font-size\">Notre strat\u00e9gie repose en partie sur le transport combin\u00e9, les technologies de propulsion les plus modernes et notre flotte \u00e9lectrique en croissance constante. En utilisant <strong>des actifs renouvelables<\/strong> comme l\u2019\u00e9nergie solaire et \u00e9olienne, nous cr\u00e9ons les bases d\u2019une gestion des marchandises plus respectueuse de l\u2019environnement. Et nous ne comptons pas nous arr\u00eater l\u00e0.<\/p>\n\n\n\n<p class=\"has-medium-font-size\">Notre transport ferroviaire combin\u00e9 soulage les routes et l\u2019environnement. Ce faisant, nous \u00e9vitons de nombreuses \u00e9missions.<\/p>\n<\/div>\n\n\n\n<div class=\"wp-block-column is-vertically-aligned-center is-layout-flow wp-block-column-is-layout-flow\">\n<figure class=\"wp-block-image size-full\"><img loading=\"lazy\" decoding=\"async\" width=\"2560\" height=\"1439\" src=\"https:\/\/www.sieber.ch\/wp-content\/uploads\/2024\/01\/SIEBER_TRANS_IMAGE_267827865_INTERNET-1-scaled.webp\" alt=\"\" class=\"wp-image-3612\" style=\"aspect-ratio:3\/2;object-fit:cover\" srcset=\"https:\/\/www.sieber.ch\/wp-content\/uploads\/2024\/01\/SIEBER_TRANS_IMAGE_267827865_INTERNET-1-scaled.webp 2560w, https:\/\/www.sieber.ch\/wp-content\/uploads\/2024\/01\/SIEBER_TRANS_IMAGE_267827865_INTERNET-1-300x169.webp 300w, https:\/\/www.sieber.ch\/wp-content\/uploads\/2024\/01\/SIEBER_TRANS_IMAGE_267827865_INTERNET-1-1024x576.webp 1024w, https:\/\/www.sieber.ch\/wp-content\/uploads\/2024\/01\/SIEBER_TRANS_IMAGE_267827865_INTERNET-1-768x432.webp 768w, https:\/\/www.sieber.ch\/wp-content\/uploads\/2024\/01\/SIEBER_TRANS_IMAGE_267827865_INTERNET-1-1536x863.webp 1536w, https:\/\/www.sieber.ch\/wp-content\/uploads\/2024\/01\/SIEBER_TRANS_IMAGE_267827865_INTERNET-1-2048x1151.webp 2048w\" sizes=\"auto, (max-width: 2560px) 100vw, 2560px\" \/><\/figure>\n<\/div>\n<\/div>\n\n\n\n<div class=\"wp-block-columns is-layout-flex wp-container-core-columns-is-layout-9d6595d7 wp-block-columns-is-layout-flex\">\n<div class=\"wp-block-column is-vertically-aligned-center is-layout-flow wp-block-column-is-layout-flow\">\n<figure class=\"wp-block-image size-full\"><img loading=\"lazy\" decoding=\"async\" width=\"2560\" height=\"1435\" src=\"https:\/\/www.sieber.ch\/wp-content\/uploads\/2023\/12\/SIEBER_TRANS_IMAGE_625995093_INTERNET-scaled.webp\" alt=\"\" class=\"wp-image-2832\" style=\"aspect-ratio:3\/2;object-fit:cover\" srcset=\"https:\/\/www.sieber.ch\/wp-content\/uploads\/2023\/12\/SIEBER_TRANS_IMAGE_625995093_INTERNET-scaled.webp 2560w, https:\/\/www.sieber.ch\/wp-content\/uploads\/2023\/12\/SIEBER_TRANS_IMAGE_625995093_INTERNET-300x168.webp 300w, https:\/\/www.sieber.ch\/wp-content\/uploads\/2023\/12\/SIEBER_TRANS_IMAGE_625995093_INTERNET-1024x574.webp 1024w, https:\/\/www.sieber.ch\/wp-content\/uploads\/2023\/12\/SIEBER_TRANS_IMAGE_625995093_INTERNET-768x430.webp 768w, https:\/\/www.sieber.ch\/wp-content\/uploads\/2023\/12\/SIEBER_TRANS_IMAGE_625995093_INTERNET-1536x861.webp 1536w, https:\/\/www.sieber.ch\/wp-content\/uploads\/2023\/12\/SIEBER_TRANS_IMAGE_625995093_INTERNET-2048x1148.webp 2048w\" sizes=\"auto, (max-width: 2560px) 100vw, 2560px\" \/><\/figure>\n<\/div>\n\n\n\n<div class=\"wp-block-column is-vertically-aligned-center is-layout-flow wp-block-column-is-layout-flow\">\n<h2 class=\"wp-block-heading\">GOgreen Smart Ideas <\/h2>\n\n\n\n<p class=\"has-medium-font-size\">La durabilit\u00e9 commence au quotidien. C\u2019est pourquoi nous misons sur le potentiel de nos collaborateurs. Les meilleurs concepts naissent sur le terrain. <\/p>\n\n\n\n<p class=\"has-medium-font-size\">Avec GOgreen Smart Ideas, nous apportons toutes les id\u00e9es, grandes et petites, pour travailler en pr\u00e9servant les ressources, directement dans notre entreprise<a>.<\/a><\/p>\n\n\n\n<p class=\"has-medium-font-size\">C\u2019est la raison pour laquelle notre <strong>strat\u00e9gie de durabilit\u00e9<\/strong> pr\u00e9voit des formations r\u00e9guli\u00e8res. Par exemple, gr\u00e2ce \u00e0 notre engagement en faveur de la conduite \u00e9conomique, nous avons pu r\u00e9duire la consommation de notre flotte de pr\u00e8s de 40% au cours des 15&nbsp;derni\u00e8res ann\u00e9es. Et chaque jour, nous nous effor\u00e7ons de nous am\u00e9liorer. <\/p>\n\n\n\n<p class=\"has-medium-font-size\">Autre exemple de GOgreen Smart Ideas:notre <strong>station de lavage pour v\u00e9hicules aliment\u00e9e en eau de pluie<\/strong>, qui nous permet de pr\u00e9server des quantit\u00e9s consid\u00e9rables d\u2019eau potable.<strong> Gr\u00e2ce \u00e0 cette derni\u00e8re,<\/strong> nous r\u00e9alisons des \u00e9conomies significatives de cette ressource tant pr\u00e9cieuse qu\u2019essentielle.<\/p>\n<\/div>\n<\/div>\n<\/div>\n<\/div>\n\n\n\n<div class=\"wp-block-columns fullWidth bgGrey justify-content-center is-layout-flex wp-container-core-columns-is-layout-9d6595d7 wp-block-columns-is-layout-flex\" id=\"ggcontact\">\n<div class=\"wp-block-column container is-layout-flow wp-block-column-is-layout-flow\">\n<div class=\"wp-block-columns is-layout-flex wp-container-core-columns-is-layout-9d6595d7 wp-block-columns-is-layout-flex\">\n<div class=\"wp-block-column is-layout-flow wp-block-column-is-layout-flow\">\n<p><\/p>\n\n\n\n<h2 class=\"wp-block-heading has-text-align-left\">Contact<\/h2>\n\n\n<div class=\"wp-block-image\">\n<figure class=\"alignleft size-large is-resized\"><img loading=\"lazy\" decoding=\"async\" width=\"1024\" height=\"697\" src=\"https:\/\/www.sieber.ch\/wp-content\/uploads\/2023\/12\/SIEBER_TRANS_PORTRAIT_3011232500_INTERNET-scaled-e1702453376963-1024x697.webp\" alt=\"\" class=\"wp-image-2836\" style=\"aspect-ratio:3\/2;object-fit:cover;width:419px\" srcset=\"https:\/\/www.sieber.ch\/wp-content\/uploads\/2023\/12\/SIEBER_TRANS_PORTRAIT_3011232500_INTERNET-scaled-e1702453376963-1024x697.webp 1024w, https:\/\/www.sieber.ch\/wp-content\/uploads\/2023\/12\/SIEBER_TRANS_PORTRAIT_3011232500_INTERNET-scaled-e1702453376963-300x204.webp 300w, https:\/\/www.sieber.ch\/wp-content\/uploads\/2023\/12\/SIEBER_TRANS_PORTRAIT_3011232500_INTERNET-scaled-e1702453376963-768x523.webp 768w, https:\/\/www.sieber.ch\/wp-content\/uploads\/2023\/12\/SIEBER_TRANS_PORTRAIT_3011232500_INTERNET-scaled-e1702453376963-1536x1046.webp 1536w, https:\/\/www.sieber.ch\/wp-content\/uploads\/2023\/12\/SIEBER_TRANS_PORTRAIT_3011232500_INTERNET-scaled-e1702453376963.webp 1710w\" sizes=\"auto, (max-width: 1024px) 100vw, 1024px\" \/><\/figure>\n<\/div>\n\n\n<p class=\"has-text-align-left\">Contactez-nous, nous serons ravis de vous conseiller en d\u00e9tail sur les diff\u00e9rentes possibilit\u00e9s.<\/p>\n\n\n\n<p class=\"has-text-align-left\">Michael Sieber<br>Directeur des ressources et de l&rsquo;infrastructure du groupe Sieber<\/p>\n\n\n\n<p>+41 (0)71 747 66 00<br>gogreen@sieber.ch<\/p>\n<\/div>\n<\/div>\n<\/div>\n<\/div>\n","protected":false},"excerpt":{"rendered":"<p>Soulager l\u2019environnement tout en assurant une gestion durable des marchandises:gr\u00e2ce \u00e0 GOgreen, nous r\u00e9duisons d\u00e9j\u00e0 consid\u00e9rablement les \u00e9missions et \u00e9conomisons<\/p>\n<p><a class=\"wp-block-button__link\" href=\"https:\/\/www.sieber.ch\/fr\/gogreen\/\">Read More&#8230;<\/a><\/p>\n","protected":false},"author":1,"featured_media":0,"parent":0,"menu_order":0,"comment_status":"closed","ping_status":"closed","template":"","meta":{"_acf_changed":false,"footnotes":""},"class_list":["post-3186","page","type-page","status-publish","hentry"],"acf":[],"yoast_head":"<!-- This site is optimized with the Yoast SEO plugin v27.5 - https:\/\/yoast.com\/product\/yoast-seo-wordpress\/ -->\n<title>Go Green - Sieber Logistics AG<\/title>\n<meta name=\"robots\" content=\"index, follow, max-snippet:-1, max-image-preview:large, max-video-preview:-1\" \/>\n<link rel=\"canonical\" href=\"https:\/\/www.sieber.ch\/fr\/gogreen\/\" \/>\n<meta property=\"og:locale\" content=\"fr_FR\" \/>\n<meta property=\"og:type\" content=\"article\" \/>\n<meta property=\"og:title\" content=\"Go Green - Sieber Logistics AG\" \/>\n<meta property=\"og:description\" content=\"Soulager l\u2019environnement tout en assurant une gestion durable des marchandises:gr\u00e2ce \u00e0 GOgreen, nous r\u00e9duisons d\u00e9j\u00e0 consid\u00e9rablement les \u00e9missions et \u00e9conomisonsRead More...\" \/>\n<meta property=\"og:url\" content=\"https:\/\/www.sieber.ch\/fr\/gogreen\/\" \/>\n<meta property=\"og:site_name\" content=\"Sieber Logistics AG\" \/>\n<meta property=\"article:publisher\" content=\"https:\/\/www.facebook.com\/sieberlogistics\" \/>\n<meta property=\"article:modified_time\" content=\"2026-02-17T09:33:26+00:00\" \/>\n<meta property=\"og:image\" content=\"https:\/\/www.sieber.ch\/wp-content\/uploads\/2023\/12\/RZ_Sieber_GOgreen-1024x284.png\" \/>\n<meta name=\"twitter:card\" content=\"summary_large_image\" \/>\n<meta name=\"twitter:label1\" content=\"Dur\u00e9e de lecture estim\u00e9e\" \/>\n\t<meta name=\"twitter:data1\" content=\"3 minutes\" \/>\n<script type=\"application\/ld+json\" class=\"yoast-schema-graph\">{\"@context\":\"https:\\\/\\\/schema.org\",\"@graph\":[{\"@type\":\"WebPage\",\"@id\":\"https:\\\/\\\/www.sieber.ch\\\/fr\\\/gogreen\\\/\",\"url\":\"https:\\\/\\\/www.sieber.ch\\\/fr\\\/gogreen\\\/\",\"name\":\"Go Green - Sieber Logistics AG\",\"isPartOf\":{\"@id\":\"https:\\\/\\\/www.sieber.ch\\\/fr\\\/#website\"},\"primaryImageOfPage\":{\"@id\":\"https:\\\/\\\/www.sieber.ch\\\/fr\\\/gogreen\\\/#primaryimage\"},\"image\":{\"@id\":\"https:\\\/\\\/www.sieber.ch\\\/fr\\\/gogreen\\\/#primaryimage\"},\"thumbnailUrl\":\"https:\\\/\\\/www.sieber.ch\\\/wp-content\\\/uploads\\\/2023\\\/12\\\/RZ_Sieber_GOgreen-1024x284.png\",\"datePublished\":\"2023-10-10T09:35:32+00:00\",\"dateModified\":\"2026-02-17T09:33:26+00:00\",\"breadcrumb\":{\"@id\":\"https:\\\/\\\/www.sieber.ch\\\/fr\\\/gogreen\\\/#breadcrumb\"},\"inLanguage\":\"fr-FR\",\"potentialAction\":[{\"@type\":\"ReadAction\",\"target\":[\"https:\\\/\\\/www.sieber.ch\\\/fr\\\/gogreen\\\/\"]}]},{\"@type\":\"ImageObject\",\"inLanguage\":\"fr-FR\",\"@id\":\"https:\\\/\\\/www.sieber.ch\\\/fr\\\/gogreen\\\/#primaryimage\",\"url\":\"https:\\\/\\\/www.sieber.ch\\\/wp-content\\\/uploads\\\/2023\\\/12\\\/RZ_Sieber_GOgreen-1024x284.png\",\"contentUrl\":\"https:\\\/\\\/www.sieber.ch\\\/wp-content\\\/uploads\\\/2023\\\/12\\\/RZ_Sieber_GOgreen-1024x284.png\"},{\"@type\":\"BreadcrumbList\",\"@id\":\"https:\\\/\\\/www.sieber.ch\\\/fr\\\/gogreen\\\/#breadcrumb\",\"itemListElement\":[{\"@type\":\"ListItem\",\"position\":1,\"name\":\"Home\",\"item\":\"https:\\\/\\\/www.sieber.ch\\\/fr\\\/\"},{\"@type\":\"ListItem\",\"position\":2,\"name\":\"Go Green\"}]},{\"@type\":\"WebSite\",\"@id\":\"https:\\\/\\\/www.sieber.ch\\\/fr\\\/#website\",\"url\":\"https:\\\/\\\/www.sieber.ch\\\/fr\\\/\",\"name\":\"Sieber Transport AG\",\"description\":\"\",\"publisher\":{\"@id\":\"https:\\\/\\\/www.sieber.ch\\\/fr\\\/#organization\"},\"potentialAction\":[{\"@type\":\"SearchAction\",\"target\":{\"@type\":\"EntryPoint\",\"urlTemplate\":\"https:\\\/\\\/www.sieber.ch\\\/fr\\\/?s={search_term_string}\"},\"query-input\":{\"@type\":\"PropertyValueSpecification\",\"valueRequired\":true,\"valueName\":\"search_term_string\"}}],\"inLanguage\":\"fr-FR\"},{\"@type\":\"Organization\",\"@id\":\"https:\\\/\\\/www.sieber.ch\\\/fr\\\/#organization\",\"name\":\"Sieber Transport AG\",\"url\":\"https:\\\/\\\/www.sieber.ch\\\/fr\\\/\",\"logo\":{\"@type\":\"ImageObject\",\"inLanguage\":\"fr-FR\",\"@id\":\"https:\\\/\\\/www.sieber.ch\\\/fr\\\/#\\\/schema\\\/logo\\\/image\\\/\",\"url\":\"https:\\\/\\\/www.sieber.ch\\\/wp-content\\\/uploads\\\/2024\\\/01\\\/logo.png\",\"contentUrl\":\"https:\\\/\\\/www.sieber.ch\\\/wp-content\\\/uploads\\\/2024\\\/01\\\/logo.png\",\"width\":1063,\"height\":358,\"caption\":\"Sieber Transport AG\"},\"image\":{\"@id\":\"https:\\\/\\\/www.sieber.ch\\\/fr\\\/#\\\/schema\\\/logo\\\/image\\\/\"},\"sameAs\":[\"https:\\\/\\\/www.facebook.com\\\/sieberlogistics\",\"https:\\\/\\\/www.linkedin.com\\\/company\\\/sieberlogistics\\\/\"]}]}<\/script>\n<!-- \/ Yoast SEO plugin. -->","yoast_head_json":{"title":"Go Green - Sieber Logistics AG","robots":{"index":"index","follow":"follow","max-snippet":"max-snippet:-1","max-image-preview":"max-image-preview:large","max-video-preview":"max-video-preview:-1"},"canonical":"https:\/\/www.sieber.ch\/fr\/gogreen\/","og_locale":"fr_FR","og_type":"article","og_title":"Go Green - Sieber Logistics AG","og_description":"Soulager l\u2019environnement tout en assurant une gestion durable des marchandises:gr\u00e2ce \u00e0 GOgreen, nous r\u00e9duisons d\u00e9j\u00e0 consid\u00e9rablement les \u00e9missions et \u00e9conomisonsRead More...","og_url":"https:\/\/www.sieber.ch\/fr\/gogreen\/","og_site_name":"Sieber Logistics AG","article_publisher":"https:\/\/www.facebook.com\/sieberlogistics","article_modified_time":"2026-02-17T09:33:26+00:00","og_image":[{"url":"https:\/\/www.sieber.ch\/wp-content\/uploads\/2023\/12\/RZ_Sieber_GOgreen-1024x284.png","type":"","width":"","height":""}],"twitter_card":"summary_large_image","twitter_misc":{"Dur\u00e9e de lecture estim\u00e9e":"3 minutes"},"schema":{"@context":"https:\/\/schema.org","@graph":[{"@type":"WebPage","@id":"https:\/\/www.sieber.ch\/fr\/gogreen\/","url":"https:\/\/www.sieber.ch\/fr\/gogreen\/","name":"Go Green - Sieber Logistics AG","isPartOf":{"@id":"https:\/\/www.sieber.ch\/fr\/#website"},"primaryImageOfPage":{"@id":"https:\/\/www.sieber.ch\/fr\/gogreen\/#primaryimage"},"image":{"@id":"https:\/\/www.sieber.ch\/fr\/gogreen\/#primaryimage"},"thumbnailUrl":"https:\/\/www.sieber.ch\/wp-content\/uploads\/2023\/12\/RZ_Sieber_GOgreen-1024x284.png","datePublished":"2023-10-10T09:35:32+00:00","dateModified":"2026-02-17T09:33:26+00:00","breadcrumb":{"@id":"https:\/\/www.sieber.ch\/fr\/gogreen\/#breadcrumb"},"inLanguage":"fr-FR","potentialAction":[{"@type":"ReadAction","target":["https:\/\/www.sieber.ch\/fr\/gogreen\/"]}]},{"@type":"ImageObject","inLanguage":"fr-FR","@id":"https:\/\/www.sieber.ch\/fr\/gogreen\/#primaryimage","url":"https:\/\/www.sieber.ch\/wp-content\/uploads\/2023\/12\/RZ_Sieber_GOgreen-1024x284.png","contentUrl":"https:\/\/www.sieber.ch\/wp-content\/uploads\/2023\/12\/RZ_Sieber_GOgreen-1024x284.png"},{"@type":"BreadcrumbList","@id":"https:\/\/www.sieber.ch\/fr\/gogreen\/#breadcrumb","itemListElement":[{"@type":"ListItem","position":1,"name":"Home","item":"https:\/\/www.sieber.ch\/fr\/"},{"@type":"ListItem","position":2,"name":"Go Green"}]},{"@type":"WebSite","@id":"https:\/\/www.sieber.ch\/fr\/#website","url":"https:\/\/www.sieber.ch\/fr\/","name":"Sieber Transport AG","description":"","publisher":{"@id":"https:\/\/www.sieber.ch\/fr\/#organization"},"potentialAction":[{"@type":"SearchAction","target":{"@type":"EntryPoint","urlTemplate":"https:\/\/www.sieber.ch\/fr\/?s={search_term_string}"},"query-input":{"@type":"PropertyValueSpecification","valueRequired":true,"valueName":"search_term_string"}}],"inLanguage":"fr-FR"},{"@type":"Organization","@id":"https:\/\/www.sieber.ch\/fr\/#organization","name":"Sieber Transport AG","url":"https:\/\/www.sieber.ch\/fr\/","logo":{"@type":"ImageObject","inLanguage":"fr-FR","@id":"https:\/\/www.sieber.ch\/fr\/#\/schema\/logo\/image\/","url":"https:\/\/www.sieber.ch\/wp-content\/uploads\/2024\/01\/logo.png","contentUrl":"https:\/\/www.sieber.ch\/wp-content\/uploads\/2024\/01\/logo.png","width":1063,"height":358,"caption":"Sieber Transport AG"},"image":{"@id":"https:\/\/www.sieber.ch\/fr\/#\/schema\/logo\/image\/"},"sameAs":["https:\/\/www.facebook.com\/sieberlogistics","https:\/\/www.linkedin.com\/company\/sieberlogistics\/"]}]}},"_links":{"self":[{"href":"https:\/\/www.sieber.ch\/fr\/wp-json\/wp\/v2\/pages\/3186","targetHints":{"allow":["GET"]}}],"collection":[{"href":"https:\/\/www.sieber.ch\/fr\/wp-json\/wp\/v2\/pages"}],"about":[{"href":"https:\/\/www.sieber.ch\/fr\/wp-json\/wp\/v2\/types\/page"}],"author":[{"embeddable":true,"href":"https:\/\/www.sieber.ch\/fr\/wp-json\/wp\/v2\/users\/1"}],"replies":[{"embeddable":true,"href":"https:\/\/www.sieber.ch\/fr\/wp-json\/wp\/v2\/comments?post=3186"}],"version-history":[{"count":4,"href":"https:\/\/www.sieber.ch\/fr\/wp-json\/wp\/v2\/pages\/3186\/revisions"}],"predecessor-version":[{"id":7659,"href":"https:\/\/www.sieber.ch\/fr\/wp-json\/wp\/v2\/pages\/3186\/revisions\/7659"}],"wp:attachment":[{"href":"https:\/\/www.sieber.ch\/fr\/wp-json\/wp\/v2\/media?parent=3186"}],"curies":[{"name":"wp","href":"https:\/\/api.w.org\/{rel}","templated":true}]}}